{"id":159,"date":"2023-09-22T18:45:51","date_gmt":"2023-09-22T18:45:51","guid":{"rendered":"https:\/\/damian.com.br\/chapas\/?page_id=159"},"modified":"2024-05-31T15:51:23","modified_gmt":"2024-05-31T18:51:23","slug":"fios-e-cabos-eletricos-cobrecom","status":"publish","type":"page","link":"https:\/\/damian.com.br\/chapas\/fios-e-cabos-eletricos-cobrecom\/","title":{"rendered":"Fios e Cabos El\u00e9tricos qualidade superior no Rio Grande do Sul"},"content":{"rendered":"\n<h2 class=\"wp-block-heading has-medium-font-size\"><strong>Trabalhamos com fios e cabos de alta qualidade e certificados<\/strong>.<\/h2>\n\n\n\n<p>Nossa empresa \u00e9 especializada na produ\u00e7\u00e3o e fornecimento de fios e cabos certificados que atendem aos mais altos padr\u00f5es de qualidade. Todos os nossos produtos s\u00e3o fabricados de acordo com as normas do Sistema de Gest\u00e3o de Qualidade ISO 9001 e possuem os Certificados da Marca de Conformidade do INMETRO (Instituto Nacional de Metrologia, Normaliza\u00e7\u00e3o e Qualidade Industrial).<\/p>\n\n\n\n<p style=\"font-size:clamp(0.984rem, 0.984rem + ((1vw - 0.2rem) * 0.938), 1.5rem);\"><strong><em>Associa\u00e7\u00e3o com a Qualifio para garantir a excel\u00eancia<\/em><\/strong><\/p>\n\n\n\n<p>Somos associados \u00e0&nbsp;<a href=\"https:\/\/qualifio.org.br\/associados\" target=\"_blank\" rel=\"noopener\" title=\"\">Qualifio<\/a>, uma entidade que re\u00fane fabricantes de condutores el\u00e9tricos e tem como objetivo promover melhorias no setor. A&nbsp;<a href=\"https:\/\/qualifio.org.br\" target=\"_blank\" rel=\"noopener\" title=\"\">Qualifio<\/a>&nbsp;busca constantemente aprimorar a qualidade na fabrica\u00e7\u00e3o de fios e cabos, al\u00e9m de incentivar a correta instala\u00e7\u00e3o dos mesmos.<\/p>\n\n\n\n<p style=\"font-size:clamp(0.984rem, 0.984rem + ((1vw - 0.2rem) * 0.938), 1.5rem);\"><strong><em>Monitoramento e compromisso com a seguran\u00e7a<\/em><\/strong><\/p>\n\n\n\n<p>A&nbsp;<a>Qualifio<\/a>&nbsp;realiza a monitora\u00e7\u00e3o dos fios e cabos el\u00e9tricos de baixa tens\u00e3o, com o objetivo de garantir o respeito ao consumidor e sua seguran\u00e7a. Al\u00e9m disso, a entidade trabalha para promover a concorr\u00eancia leal no mercado e assegurar a aplica\u00e7\u00e3o das normas e disposi\u00e7\u00f5es vigentes. A&nbsp;<a>Qualifio<\/a>&nbsp;tamb\u00e9m colabora e participa de atividades que buscam melhorias para o setor.<\/p>\n\n\n\n<p style=\"font-size:clamp(0.984rem, 0.984rem + ((1vw - 0.2rem) * 0.938), 1.5rem);\"><strong><em>Parceria com empresas de renome e padr\u00f5es de qualidade<\/em><\/strong><\/p>\n\n\n\n<p>Trabalhamos em parceria com uma empresa homologada, reconhecida pelos mais altos padr\u00f5es de qualidade. Isso nos possibilita fornecer nossos produtos para as maiores empresas do Brasil, garantindo a confian\u00e7a e satisfa\u00e7\u00e3o dos nossos clientes.<\/p>\n\n\n\n<p>Com a nossa expertise e compromisso com a qualidade, estamos prontos para atender \u00e0s necessidades do mercado e oferecer solu\u00e7\u00f5es confi\u00e1veis em fios e cabos el\u00e9tricos.<\/p>\n\n\n\n<p><\/p>\n\n\n\n<p><\/p>\n\n\n\n<p class=\"has-text-align-center has-primary-background-color has-background\"><a href=\"mailto:jonas@damian.com.br\">ENTRE EM CONTATO AGORA MESMO<\/a><\/p>\n\n\n\n<figure class=\"wp-block-embed is-type-video is-provider-youtube wp-block-embed-youtube wp-embed-aspect-16-9 wp-has-aspect-ratio\"><div class=\"wp-block-embed__wrapper\">\n<iframe loading=\"lazy\" title=\"V\u00eddeo Institucional IFC\/COBRECOM\" width=\"500\" height=\"281\" src=\"https:\/\/www.youtube.com\/embed\/-eNuRQbxoZY?start=17&#038;feature=oembed\" frameborder=\"0\" allow=\"accelerometer; autoplay; clipboard-write; encrypted-media; gyroscope; picture-in-picture; web-share\" referrerpolicy=\"strict-origin-when-cross-origin\" allowfullscreen><\/iframe>\n<\/div><\/figure>\n\n\n\n<figure class=\"wp-block-gallery has-nested-images columns-1 has-contrast-background-color has-background wp-block-gallery-1 is-layout-flex wp-block-gallery-is-layout-flex\">\n<figure class=\"wp-block-image size-full\"><img loading=\"lazy\" decoding=\"async\" width=\"1531\" height=\"508\" data-id=\"161\" src=\"https:\/\/damian.com.br\/chapas\/wp-content\/uploads\/2023\/09\/banners-1025-bannerssite2022banner01premioanamaco.webp\" alt=\"fios e cabos el\u00e9ricos RS\" class=\"wp-image-161\" srcset=\"https:\/\/damian.com.br\/chapas\/wp-content\/uploads\/2023\/09\/banners-1025-bannerssite2022banner01premioanamaco.webp 1531w, https:\/\/damian.com.br\/chapas\/wp-content\/uploads\/2023\/09\/banners-1025-bannerssite2022banner01premioanamaco-300x100.webp 300w, https:\/\/damian.com.br\/chapas\/wp-content\/uploads\/2023\/09\/banners-1025-bannerssite2022banner01premioanamaco-1024x340.webp 1024w, https:\/\/damian.com.br\/chapas\/wp-content\/uploads\/2023\/09\/banners-1025-bannerssite2022banner01premioanamaco-768x255.webp 768w\" sizes=\"auto, (max-width: 1531px) 100vw, 1531px\" \/><\/figure>\n\n\n\n<figure class=\"wp-block-image size-full\"><img loading=\"lazy\" decoding=\"async\" width=\"1531\" height=\"508\" data-id=\"162\" src=\"https:\/\/damian.com.br\/chapas\/wp-content\/uploads\/2023\/09\/banners-1027-bannerssite2022banner03premiohuawei.webp\" alt=\"fios e cabos el\u00e9ricos Rio grande do sul\" class=\"wp-image-162\" srcset=\"https:\/\/damian.com.br\/chapas\/wp-content\/uploads\/2023\/09\/banners-1027-bannerssite2022banner03premiohuawei.webp 1531w, https:\/\/damian.com.br\/chapas\/wp-content\/uploads\/2023\/09\/banners-1027-bannerssite2022banner03premiohuawei-300x100.webp 300w, https:\/\/damian.com.br\/chapas\/wp-content\/uploads\/2023\/09\/banners-1027-bannerssite2022banner03premiohuawei-1024x340.webp 1024w, https:\/\/damian.com.br\/chapas\/wp-content\/uploads\/2023\/09\/banners-1027-bannerssite2022banner03premiohuawei-768x255.webp 768w\" sizes=\"auto, (max-width: 1531px) 100vw, 1531px\" \/><\/figure>\n\n\n\n<figure class=\"wp-block-image size-full\"><img loading=\"lazy\" decoding=\"async\" width=\"1531\" height=\"508\" data-id=\"164\" src=\"https:\/\/damian.com.br\/chapas\/wp-content\/uploads\/2023\/09\/banners-1029-bannerssite2022banner05produtorolinho.webp\" alt=\"fios e cabos el\u00e9ricos qualidade\" class=\"wp-image-164\" srcset=\"https:\/\/damian.com.br\/chapas\/wp-content\/uploads\/2023\/09\/banners-1029-bannerssite2022banner05produtorolinho.webp 1531w, https:\/\/damian.com.br\/chapas\/wp-content\/uploads\/2023\/09\/banners-1029-bannerssite2022banner05produtorolinho-300x100.webp 300w, https:\/\/damian.com.br\/chapas\/wp-content\/uploads\/2023\/09\/banners-1029-bannerssite2022banner05produtorolinho-1024x340.webp 1024w, https:\/\/damian.com.br\/chapas\/wp-content\/uploads\/2023\/09\/banners-1029-bannerssite2022banner05produtorolinho-768x255.webp 768w\" sizes=\"auto, (max-width: 1531px) 100vw, 1531px\" \/><\/figure>\n\n\n\n<figure class=\"wp-block-image size-full\"><img loading=\"lazy\" decoding=\"async\" width=\"1531\" height=\"508\" data-id=\"163\" src=\"https:\/\/damian.com.br\/chapas\/wp-content\/uploads\/2023\/09\/banners-1031-banner-top-of-mind.webp\" alt=\"cabos el\u00e9ricos top of mind\" class=\"wp-image-163\" srcset=\"https:\/\/damian.com.br\/chapas\/wp-content\/uploads\/2023\/09\/banners-1031-banner-top-of-mind.webp 1531w, https:\/\/damian.com.br\/chapas\/wp-content\/uploads\/2023\/09\/banners-1031-banner-top-of-mind-300x100.webp 300w, https:\/\/damian.com.br\/chapas\/wp-content\/uploads\/2023\/09\/banners-1031-banner-top-of-mind-1024x340.webp 1024w, https:\/\/damian.com.br\/chapas\/wp-content\/uploads\/2023\/09\/banners-1031-banner-top-of-mind-768x255.webp 768w\" sizes=\"auto, (max-width: 1531px) 100vw, 1531px\" \/><\/figure>\n\n\n\n<figure class=\"wp-block-image size-full\"><img loading=\"lazy\" decoding=\"async\" width=\"1531\" height=\"508\" data-id=\"165\" src=\"https:\/\/damian.com.br\/chapas\/wp-content\/uploads\/2023\/09\/banners-1033-bannerhomesite.webp\" alt=\"\" class=\"wp-image-165\" srcset=\"https:\/\/damian.com.br\/chapas\/wp-content\/uploads\/2023\/09\/banners-1033-bannerhomesite.webp 1531w, https:\/\/damian.com.br\/chapas\/wp-content\/uploads\/2023\/09\/banners-1033-bannerhomesite-300x100.webp 300w, https:\/\/damian.com.br\/chapas\/wp-content\/uploads\/2023\/09\/banners-1033-bannerhomesite-1024x340.webp 1024w, https:\/\/damian.com.br\/chapas\/wp-content\/uploads\/2023\/09\/banners-1033-bannerhomesite-768x255.webp 768w\" sizes=\"auto, (max-width: 1531px) 100vw, 1531px\" \/><\/figure>\n<\/figure>\n\n\n\n<p><strong>Adquira j\u00e1 seus Fios e Cabos El\u00e9tricos de Qualidade Superior!<\/strong><\/p>\n","protected":false},"excerpt":{"rendered":"<p>Trabalhamos com fios e cabos de alta qualidade e certificados. Nossa empresa \u00e9 especializada na produ\u00e7\u00e3o e fornecimento de fios e cabos certificados que atendem aos mais altos padr\u00f5es de qualidade. Todos os nossos produtos s\u00e3o fabricados de acordo com as normas do Sistema de Gest\u00e3o de Qualidade ISO 9001 e possuem os Certificados da [&hellip;]<\/p>\n","protected":false},"author":1,"featured_media":0,"parent":0,"menu_order":0,"comment_status":"closed","ping_status":"closed","template":"pagina-chapas-de-compensado","meta":{"footnotes":""},"class_list":["post-159","page","type-page","status-publish","hentry"],"aioseo_notices":[],"_links":{"self":[{"href":"https:\/\/damian.com.br\/chapas\/wp-json\/wp\/v2\/pages\/159","targetHints":{"allow":["GET"]}}],"collection":[{"href":"https:\/\/damian.com.br\/chapas\/wp-json\/wp\/v2\/pages"}],"about":[{"href":"https:\/\/damian.com.br\/chapas\/wp-json\/wp\/v2\/types\/page"}],"author":[{"embeddable":true,"href":"https:\/\/damian.com.br\/chapas\/wp-json\/wp\/v2\/users\/1"}],"replies":[{"embeddable":true,"href":"https:\/\/damian.com.br\/chapas\/wp-json\/wp\/v2\/comments?post=159"}],"version-history":[{"count":12,"href":"https:\/\/damian.com.br\/chapas\/wp-json\/wp\/v2\/pages\/159\/revisions"}],"predecessor-version":[{"id":259,"href":"https:\/\/damian.com.br\/chapas\/wp-json\/wp\/v2\/pages\/159\/revisions\/259"}],"wp:attachment":[{"href":"https:\/\/damian.com.br\/chapas\/wp-json\/wp\/v2\/media?parent=159"}],"curies":[{"name":"wp","href":"https:\/\/api.w.org\/{rel}","templated":true}]}}