{"id":114,"date":"2023-09-21T16:56:08","date_gmt":"2023-09-21T16:56:08","guid":{"rendered":"https:\/\/damian.com.br\/chapas\/?page_id=114"},"modified":"2024-05-31T15:42:22","modified_gmt":"2024-05-31T18:42:22","slug":"compensado","status":"publish","type":"page","link":"https:\/\/damian.com.br\/chapas\/compensadoscaxiasdosul\/compensado\/","title":{"rendered":"Chapas de Compensado Multilaminado no Rio Grande do Sul"},"content":{"rendered":"\n<p class=\"has-medium-font-size\"><strong>Aqui voc\u00ea encontra as chapas de compensado que precisa para sua obra ou projeto. <\/strong><\/p>\n\n\n\n<p class=\"has-medium-font-size\"><strong>Trabalhamos com os tipos:<\/strong><\/p>\n\n\n\n<p class=\"has-medium-font-size\"><strong>Plastificadas<\/strong><\/p>\n\n\n\n<p class=\"has-medium-font-size\"><strong>Naval<\/strong><\/p>\n\n\n\n<p class=\"has-medium-font-size\"><strong>Madeirite. <\/strong><\/p>\n\n\n\n<p>Para isso conte com nossos vendedores para te aproximar do material mais adequado para voc\u00ea.<\/p>\n\n\n\n<p>Confira algumas op\u00e7\u00f5es:<\/p>\n\n\n\n<p><\/p>\n\n\n\n<div class=\"wp-block-media-text is-stacked-on-mobile\" style=\"margin-top:0;margin-bottom:0;padding-top:0;padding-bottom:0;grid-template-columns:25% auto\"><figure class=\"wp-block-media-text__media\"><img loading=\"lazy\" decoding=\"async\" width=\"200\" height=\"315\" src=\"https:\/\/damian.com.br\/chapas\/wp-content\/uploads\/2023\/09\/pinus.png\" alt=\"maderite\" class=\"wp-image-116 size-full\" srcset=\"https:\/\/damian.com.br\/chapas\/wp-content\/uploads\/2023\/09\/pinus.png 200w, https:\/\/damian.com.br\/chapas\/wp-content\/uploads\/2023\/09\/pinus-190x300.png 190w\" sizes=\"auto, (max-width: 200px) 100vw, 200px\" \/><\/figure><div class=\"wp-block-media-text__content\">\n<h1 class=\"wp-block-heading has-secondary-color has-text-color has-large-font-size\">Resinado Pinus <\/h1>\n\n\n\n<p class=\"has-secondary-color has-text-color\"><strong>Cola Fen\u00f3lica ou Cola Branca<\/strong><br>Medidas: 2,44 x 1,22m e<br>2,20 x 1,10m<\/p>\n\n\n\n<p class=\"has-secondary-color has-text-color\"><strong>Bitolas<\/strong><br>05mm at\u00e9 30mm<\/p>\n<\/div><\/div>\n\n\n\n<div class=\"wp-block-media-text is-stacked-on-mobile\" style=\"margin-top:0;margin-bottom:0;padding-top:0;padding-bottom:0;grid-template-columns:25% auto\"><figure class=\"wp-block-media-text__media\"><img loading=\"lazy\" decoding=\"async\" width=\"200\" height=\"315\" src=\"https:\/\/damian.com.br\/chapas\/wp-content\/uploads\/2023\/09\/virola.png\" alt=\"chapa de compensado virola caxias do sul\" class=\"wp-image-117 size-full\" srcset=\"https:\/\/damian.com.br\/chapas\/wp-content\/uploads\/2023\/09\/virola.png 200w, https:\/\/damian.com.br\/chapas\/wp-content\/uploads\/2023\/09\/virola-190x300.png 190w\" sizes=\"auto, (max-width: 200px) 100vw, 200px\" \/><\/figure><div class=\"wp-block-media-text__content\">\n<h1 class=\"wp-block-heading has-secondary-color has-text-color has-large-font-size\">Resinado Virola<\/h1>\n\n\n\n<p class=\"has-secondary-color has-text-color\"><strong>Cola Fen\u00f3lica ou Cola Branca<\/strong><br>Medidas: 2,44 x 1,22m e<br>2,20 x 1,10m<\/p>\n\n\n\n<p class=\"has-secondary-color has-text-color\"><strong>Bitolas<\/strong><br>05mm at\u00e9 30mm<\/p>\n<\/div><\/div>\n\n\n\n<div class=\"wp-block-media-text is-stacked-on-mobile\" style=\"margin-top:0;margin-bottom:0;padding-top:0;padding-bottom:0;grid-template-columns:25% auto\"><figure class=\"wp-block-media-text__media\"><img loading=\"lazy\" decoding=\"async\" width=\"201\" height=\"315\" src=\"https:\/\/damian.com.br\/chapas\/wp-content\/uploads\/2023\/09\/plastificada.png\" alt=\"Resinado Plastificado\nCola Fen\u00f3lica\" class=\"wp-image-118 size-full\" srcset=\"https:\/\/damian.com.br\/chapas\/wp-content\/uploads\/2023\/09\/plastificada.png 201w, https:\/\/damian.com.br\/chapas\/wp-content\/uploads\/2023\/09\/plastificada-191x300.png 191w\" sizes=\"auto, (max-width: 201px) 100vw, 201px\" \/><\/figure><div class=\"wp-block-media-text__content\">\n<h1 class=\"wp-block-heading has-secondary-color has-text-color has-large-font-size\">Resinado Plastificado<\/h1>\n\n\n\n<p class=\"has-secondary-color has-text-color\"><strong>Cola Fen\u00f3lica ou Cola Branca<\/strong><br>Medidas: 2,44 x 1,22m e<br>2,20 x 1,10m<\/p>\n\n\n\n<p class=\"has-secondary-color has-text-color\"><strong>Bitolas<\/strong><br>05mm at\u00e9 30mm<\/p>\n<\/div><\/div>\n\n\n\n<div style=\"height:16px\" aria-hidden=\"true\" class=\"wp-block-spacer\"><\/div>\n\n\n\n<h2 class=\"wp-block-heading alignfull has-text-align-center has-luminous-vivid-orange-background-color has-background\" id=\"Naval\">Compensado Moveleiro<\/h2>\n\n\n\n<div class=\"wp-block-media-text is-stacked-on-mobile\" style=\"margin-top:0;margin-bottom:0;padding-top:0;padding-bottom:0;grid-template-columns:25% auto\"><figure class=\"wp-block-media-text__media\"><img loading=\"lazy\" decoding=\"async\" width=\"201\" height=\"315\" src=\"https:\/\/damian.com.br\/chapas\/wp-content\/uploads\/2023\/09\/moveleiro-virola.png\" alt=\"chapa de compensado naval ou cola branca\" class=\"wp-image-119 size-full\" srcset=\"https:\/\/damian.com.br\/chapas\/wp-content\/uploads\/2023\/09\/moveleiro-virola.png 201w, https:\/\/damian.com.br\/chapas\/wp-content\/uploads\/2023\/09\/moveleiro-virola-191x300.png 191w\" sizes=\"auto, (max-width: 201px) 100vw, 201px\" \/><\/figure><div class=\"wp-block-media-text__content\">\n<h3 class=\"wp-block-heading has-secondary-color has-text-color has-large-font-size\" id=\"mk-title-box-17\"><br>Virola 2,20 x 1,60m<\/h3>\n\n\n\n<p class=\"has-secondary-color has-text-color\"><strong>Cola Fen\u00f3lica ou Cola Branca<\/strong><br>Medidas: 2,20 x 1,60m<\/p>\n\n\n\n<p class=\"has-secondary-color has-text-color\"><strong>Bitolas<\/strong><br>04\/06\/10\/12\/15\/18\/<br>20\/22\/25\/30mm<\/p>\n\n\n\n<p class=\"has-secondary-color has-text-color\"><\/p>\n<\/div><\/div>\n\n\n\n<div class=\"wp-block-media-text is-stacked-on-mobile\" style=\"margin-top:0;margin-bottom:0;padding-top:0;padding-bottom:0;grid-template-columns:25% auto\"><figure class=\"wp-block-media-text__media\"><img loading=\"lazy\" decoding=\"async\" width=\"202\" height=\"315\" src=\"https:\/\/damian.com.br\/chapas\/wp-content\/uploads\/2023\/09\/moveleiro-virola-244.png\" alt=\"compensado naval\" class=\"wp-image-120 size-full\" srcset=\"https:\/\/damian.com.br\/chapas\/wp-content\/uploads\/2023\/09\/moveleiro-virola-244.png 202w, https:\/\/damian.com.br\/chapas\/wp-content\/uploads\/2023\/09\/moveleiro-virola-244-192x300.png 192w\" sizes=\"auto, (max-width: 202px) 100vw, 202px\" \/><\/figure><div class=\"wp-block-media-text__content\">\n<h3 class=\"wp-block-heading has-secondary-color has-text-color has-large-font-size\" id=\"mk-title-box-17\">Virola  2,44 x 1,22<\/h3>\n\n\n\n<p class=\"has-secondary-color has-text-color\"><strong>Cola Fen\u00f3lica ou Cola Branca<\/strong><br>Medidas: 2,44 x 1,22<\/p>\n\n\n\n<p class=\"has-secondary-color has-text-color\"><strong>Bitolas<\/strong><br>06\/09\/12\/15\/18\/<br>21\/22\/25\/30mm<\/p>\n\n\n\n<p class=\"has-secondary-color has-text-color\"><\/p>\n<\/div><\/div>\n\n\n\n<div class=\"wp-block-media-text is-stacked-on-mobile\" style=\"margin-top:0;margin-bottom:0;padding-top:0;padding-bottom:0;grid-template-columns:25% auto\"><figure class=\"wp-block-media-text__media\"><img loading=\"lazy\" decoding=\"async\" width=\"202\" height=\"315\" src=\"https:\/\/damian.com.br\/chapas\/wp-content\/uploads\/2023\/09\/pinus-c.png\" alt=\"pinus c+ naval\" class=\"wp-image-121 size-full\" srcset=\"https:\/\/damian.com.br\/chapas\/wp-content\/uploads\/2023\/09\/pinus-c.png 202w, https:\/\/damian.com.br\/chapas\/wp-content\/uploads\/2023\/09\/pinus-c-192x300.png 192w\" sizes=\"auto, (max-width: 202px) 100vw, 202px\" \/><\/figure><div class=\"wp-block-media-text__content\">\n<h3 class=\"wp-block-heading has-secondary-color has-text-color has-large-font-size\" id=\"mk-title-box-17\">Pinus \u2013 C+\/C+ \u2013 C+\/C<\/h3>\n\n\n\n<p class=\"has-secondary-color has-text-color\"><strong>Cola Fen\u00f3lica <\/strong><br>Medidas: 2,44 x 1,22 e 2,20 x 1,60<\/p>\n\n\n\n<p class=\"has-secondary-color has-text-color\"><strong>Bitolas<\/strong><br>04\/06\/09\/12\/15\/18\/<br>21\/25\/30mm<\/p>\n\n\n\n<p class=\"has-secondary-color has-text-color\"><\/p>\n<\/div><\/div>\n\n\n\n<div class=\"wp-block-media-text is-stacked-on-mobile\" style=\"margin-top:0;margin-bottom:0;padding-top:0;padding-bottom:0;grid-template-columns:25% auto\"><figure class=\"wp-block-media-text__media\"><img loading=\"lazy\" decoding=\"async\" width=\"202\" height=\"315\" src=\"https:\/\/damian.com.br\/chapas\/wp-content\/uploads\/2023\/09\/pinus-a.png\" alt=\"pinus naval\" class=\"wp-image-122 size-full\" srcset=\"https:\/\/damian.com.br\/chapas\/wp-content\/uploads\/2023\/09\/pinus-a.png 202w, https:\/\/damian.com.br\/chapas\/wp-content\/uploads\/2023\/09\/pinus-a-192x300.png 192w\" sizes=\"auto, (max-width: 202px) 100vw, 202px\" \/><\/figure><div class=\"wp-block-media-text__content\">\n<h3 class=\"wp-block-heading has-secondary-color has-text-color has-large-font-size\" id=\"mk-title-box-17\">Compensado BB\/CC Pinus<\/h3>\n\n\n\n<p class=\"has-secondary-color has-text-color\"><strong>Cola Fen\u00f3lica ou Cola Branca<\/strong><br>Medidas: 2,44 x 1,22<\/p>\n\n\n\n<p class=\"has-secondary-color has-text-color\"><strong>Bitolas<\/strong><br>04\/06\/09\/12\/15\/18\/<br>20\/22\/25\/30mm<\/p>\n\n\n\n<p class=\"has-secondary-color has-text-color\"><\/p>\n<\/div><\/div>\n\n\n\n<div class=\"wp-block-media-text is-stacked-on-mobile\" style=\"margin-top:0;margin-bottom:0;padding-top:0;padding-bottom:0;grid-template-columns:25% auto\"><figure class=\"wp-block-media-text__media\"><img loading=\"lazy\" decoding=\"async\" width=\"202\" height=\"315\" src=\"https:\/\/damian.com.br\/chapas\/wp-content\/uploads\/2023\/09\/virola-a.png\" alt=\"\" class=\"wp-image-123 size-full\" srcset=\"https:\/\/damian.com.br\/chapas\/wp-content\/uploads\/2023\/09\/virola-a.png 202w, https:\/\/damian.com.br\/chapas\/wp-content\/uploads\/2023\/09\/virola-a-192x300.png 192w\" sizes=\"auto, (max-width: 202px) 100vw, 202px\" \/><\/figure><div class=\"wp-block-media-text__content\">\n<h3 class=\"wp-block-heading has-secondary-color has-text-color has-large-font-size\" id=\"mk-title-box-17\">Compensado BB\/CC<br>Amescla<\/h3>\n\n\n\n<p class=\"has-secondary-color has-text-color\"><strong>Cola Fen\u00f3lica ou Cola Branca<\/strong><br>Medidas: 2,44 x 1,22<\/p>\n\n\n\n<p class=\"has-secondary-color has-text-color\"><strong>Bitolas<\/strong><br>04\/06\/09\/12\/15\/18\/<br>20\/22\/25\/30mm<\/p>\n\n\n\n<p class=\"has-secondary-color has-text-color\"><\/p>\n<\/div><\/div>\n\n\n\n<p>Oferecemos uma ampla variedade de chapas de compensado dur\u00e1veis e resistentes, consulte para saber qual a melhor para seu projeto.<\/p>\n\n\n\n<p><strong>Destaques:<\/strong><\/p>\n\n\n\n<ul class=\"wp-block-list\">\n<li>Ampla variedade de tipos de compensado<\/li>\n\n\n\n<li>Vendedores experientes para orienta\u00e7\u00e3o personalizada<\/li>\n\n\n\n<li>Materiais de alta qualidade para resultados duradouros<\/li>\n<\/ul>\n\n\n\n<p><\/p>\n\n\n\n<p>Tamb\u00e9m pode ler mais <a href=\"https:\/\/damian.com.br\/chapas\/principais-diferencas-entre-os-compensados-navalmaritimo-e-cola-branca\/\" target=\"_blank\" rel=\"noopener\" title=\"\">AQUI<\/a><\/p>\n\n\n\n<div class=\"wp-block-group has-global-padding is-layout-constrained wp-block-group-is-layout-constrained\">\n<figure class=\"wp-block-gallery has-nested-images columns-2 is-cropped has-secondary-background-color has-background wp-block-gallery-1 is-layout-flex wp-block-gallery-is-layout-flex\">\n<figure class=\"wp-block-image size-full\"><img loading=\"lazy\" decoding=\"async\" width=\"800\" height=\"449\" data-id=\"154\" src=\"https:\/\/damian.com.br\/chapas\/wp-content\/uploads\/2023\/09\/fabrica.jpg\" alt=\"\" class=\"wp-image-154\" srcset=\"https:\/\/damian.com.br\/chapas\/wp-content\/uploads\/2023\/09\/fabrica.jpg 800w, https:\/\/damian.com.br\/chapas\/wp-content\/uploads\/2023\/09\/fabrica-300x168.jpg 300w, https:\/\/damian.com.br\/chapas\/wp-content\/uploads\/2023\/09\/fabrica-768x431.jpg 768w\" sizes=\"auto, (max-width: 800px) 100vw, 800px\" \/><\/figure>\n\n\n\n<figure class=\"wp-block-image size-full\"><img loading=\"lazy\" decoding=\"async\" width=\"300\" height=\"168\" data-id=\"151\" src=\"https:\/\/damian.com.br\/chapas\/wp-content\/uploads\/2023\/09\/fabrica-1-300x168-1.jpg\" alt=\"\" class=\"wp-image-151\"\/><\/figure>\n\n\n\n<figure class=\"wp-block-image size-full\"><img loading=\"lazy\" decoding=\"async\" width=\"300\" height=\"168\" data-id=\"152\" src=\"https:\/\/damian.com.br\/chapas\/wp-content\/uploads\/2023\/09\/fabrica-2-300x168-1.jpg\" alt=\"\" class=\"wp-image-152\"\/><\/figure>\n\n\n\n<figure class=\"wp-block-image size-full\"><img loading=\"lazy\" decoding=\"async\" width=\"300\" height=\"168\" data-id=\"156\" src=\"https:\/\/damian.com.br\/chapas\/wp-content\/uploads\/2023\/09\/fabrica-300x168-2.jpg\" alt=\"\" class=\"wp-image-156\"\/><\/figure>\n<\/figure>\n<\/div>\n","protected":false},"excerpt":{"rendered":"<p>Aqui voc\u00ea encontra as chapas de compensado que precisa para sua obra ou projeto. Trabalhamos com os tipos: Plastificadas Naval Madeirite. Para isso conte com nossos vendedores para te aproximar do material mais adequado para voc\u00ea. Confira algumas op\u00e7\u00f5es: Resinado Pinus Cola Fen\u00f3lica ou Cola BrancaMedidas: 2,44 x 1,22m e2,20 x 1,10m Bitolas05mm at\u00e9 30mm [&hellip;]<\/p>\n","protected":false},"author":1,"featured_media":68,"parent":39,"menu_order":1,"comment_status":"closed","ping_status":"closed","template":"pagina-chapas-de-compensado","meta":{"footnotes":""},"class_list":["post-114","page","type-page","status-publish","has-post-thumbnail","hentry"],"aioseo_notices":[],"_links":{"self":[{"href":"https:\/\/damian.com.br\/chapas\/wp-json\/wp\/v2\/pages\/114","targetHints":{"allow":["GET"]}}],"collection":[{"href":"https:\/\/damian.com.br\/chapas\/wp-json\/wp\/v2\/pages"}],"about":[{"href":"https:\/\/damian.com.br\/chapas\/wp-json\/wp\/v2\/types\/page"}],"author":[{"embeddable":true,"href":"https:\/\/damian.com.br\/chapas\/wp-json\/wp\/v2\/users\/1"}],"replies":[{"embeddable":true,"href":"https:\/\/damian.com.br\/chapas\/wp-json\/wp\/v2\/comments?post=114"}],"version-history":[{"count":15,"href":"https:\/\/damian.com.br\/chapas\/wp-json\/wp\/v2\/pages\/114\/revisions"}],"predecessor-version":[{"id":274,"href":"https:\/\/damian.com.br\/chapas\/wp-json\/wp\/v2\/pages\/114\/revisions\/274"}],"up":[{"embeddable":true,"href":"https:\/\/damian.com.br\/chapas\/wp-json\/wp\/v2\/pages\/39"}],"wp:featuredmedia":[{"embeddable":true,"href":"https:\/\/damian.com.br\/chapas\/wp-json\/wp\/v2\/media\/68"}],"wp:attachment":[{"href":"https:\/\/damian.com.br\/chapas\/wp-json\/wp\/v2\/media?parent=114"}],"curies":[{"name":"wp","href":"https:\/\/api.w.org\/{rel}","templated":true}]}}